{"id":21326,"date":"2025-09-30T15:23:46","date_gmt":"2025-09-30T13:23:46","guid":{"rendered":"https:\/\/baukind.de\/?page_id=21326"},"modified":"2026-03-11T14:30:49","modified_gmt":"2026-03-11T13:30:49","slug":"nathalie-dziobek-bepler","status":"publish","type":"page","link":"https:\/\/baukind.de\/en\/team-baukind\/nathalie-dziobek-bepler\/","title":{"rendered":"Nathalie Dziobek-Bepler"},"content":{"rendered":"<p><div class=\"fusion-fullwidth fullwidth-box fusion-builder-row-1 fusion-flex-container has-pattern-background has-mask-background nonhundred-percent-fullwidth non-hundred-percent-height-scrolling\" style=\"--awb-border-radius-top-left:0px;--awb-border-radius-top-right:0px;--awb-border-radius-bottom-right:0px;--awb-border-radius-bottom-left:0px;--awb-margin-top:10%;--awb-flex-wrap:wrap;\" ><div class=\"fusion-builder-row fusion-row fusion-flex-align-items-flex-start fusion-flex-content-wrap\" style=\"max-width:1456px;margin-left: calc(-4% \/ 2 );margin-right: calc(-4% \/ 2 );\"><div class=\"fusion-layout-column fusion_builder_column fusion-builder-column-0 fusion_builder_column_1_2 1_2 fusion-flex-column\" style=\"--awb-padding-top:8%;--awb-bg-size:cover;--awb-width-large:50%;--awb-margin-top-large:0px;--awb-spacing-right-large:3.84%;--awb-margin-bottom-large:0px;--awb-spacing-left-large:3.84%;--awb-width-medium:50%;--awb-order-medium:0;--awb-spacing-right-medium:3.84%;--awb-spacing-left-medium:3.84%;--awb-width-small:100%;--awb-order-small:0;--awb-spacing-right-small:1.92%;--awb-spacing-left-small:1.92%;\" data-scroll-devices=\"small-visibility,medium-visibility,large-visibility\"><div class=\"fusion-column-wrapper fusion-column-has-shadow fusion-flex-justify-content-flex-start fusion-content-layout-column\"><div class=\"fusion-title title fusion-title-1 fusion-sep-none fusion-title-text fusion-title-size-one\" style=\"--awb-margin-bottom:0px;--awb-margin-top-small:10px;--awb-margin-right-small:0px;--awb-margin-bottom-small:10px;--awb-margin-left-small:0px;\"><h1 class=\"fusion-title-heading title-heading-left fusion-responsive-typography-calculated\" style=\"margin:0;--fontSize:47;line-height:1.6;\">Nathalie Dziobek-Bepler<\/h1><\/div><div class=\"fusion-title title fusion-title-2 fusion-sep-none fusion-title-text fusion-title-size-four\" style=\"--awb-margin-top:0px;--awb-margin-top-small:10px;--awb-margin-right-small:0px;--awb-margin-bottom-small:10px;--awb-margin-left-small:0px;--awb-font-size:1.4em;\"><h4 class=\"fusion-title-heading title-heading-left fusion-responsive-typography-calculated\" style=\"margin:0;letter-spacing:0.015px;font-size:1em;--fontSize:25.2;--minFontSize:25.2;line-height:var(--awb-typography1-line-height);\">Gr\u00fcnderin &amp; Gesch\u00e4ftsf\u00fchrerin<\/h4><\/div><div class=\"fusion-text fusion-text-1\" style=\"--awb-margin-top:4%;\"><p>Nathalie Dziobek-Bepler ist leidenschaftliche Architektin mit 25 Jahren Berufserfahrung. Sie studierte in Dortmund und Bochum Architektur und arbeitete f\u00fcnf Jahre als Architektin in New York. Bis zur Gr\u00fcndung ihres eigenen Architekturb\u00fcros baukind im Jahr 2011, war sie unter anderem bei Graft Architekten, Andrew Franz Architect, Franke Gottsegen Cox Architects t\u00e4tig.<\/p>\n<\/div><div class=\"fusion-text fusion-text-2\"><p>Mit dem Fokus auf eine kindgerechte Gestaltung von R\u00e4umen, haben sie und ihr Team in den letzten 14 Jahren mehr als 200 Neu- und Umbauten f\u00fcr Kinder realisiert- darunter Schulen, Kinderg\u00e4rten, Kinderarztpraxen, Indoorspielhallen, Spielpl\u00e4tze und vieles mehr. Ihre Projekte wurden in zahlreichen nationalen und internationalen Medien ver\u00f6ffentlicht.<\/p>\n<\/div><div class=\"fusion-text fusion-text-3\"><p>2020 \u2014 Buchver\u00f6ffentlichung <a href=\"https:\/\/www.jovis.de\/de\/book\/9783868596205\" target=\"_blank\" rel=\"noopener\">&#8220;R\u00e4ume f\u00fcr Kinder&#8221;<\/a> im Jovis Verlag.<br \/>\n2021 \u2014 \u00dcbersetzung <a href=\"https:\/\/www.jovis.de\/de\/book\/9783868597172\" target=\"_blank\" rel=\"noopener\">&#8220;Designing Spaces for Children&#8221;<\/a> ebenfalls im Jovis Verlag.<\/p>\n<\/div><\/div><\/div><div class=\"fusion-layout-column fusion_builder_column fusion-builder-column-1 fusion_builder_column_1_2 1_2 fusion-flex-column\" style=\"--awb-padding-top:2%;--awb-padding-right:2%;--awb-padding-left:20%;--awb-padding-right-small:0px;--awb-padding-left-small:0px;--awb-bg-size:cover;--awb-width-large:50%;--awb-margin-top-large:1%;--awb-spacing-right-large:3.84%;--awb-margin-bottom-large:0px;--awb-spacing-left-large:3.84%;--awb-width-medium:50%;--awb-order-medium:0;--awb-spacing-right-medium:3.84%;--awb-spacing-left-medium:3.84%;--awb-width-small:100%;--awb-order-small:0;--awb-spacing-right-small:1.92%;--awb-spacing-left-small:1.92%;\" data-scroll-devices=\"small-visibility,medium-visibility,large-visibility\"><div class=\"fusion-column-wrapper fusion-column-has-shadow fusion-flex-justify-content-flex-end fusion-content-layout-row\"><div class=\"fusion-image-element \" style=\"text-align:right;--awb-max-width:100%;--awb-caption-title-font-family:var(--h2_typography-font-family);--awb-caption-title-font-weight:var(--h2_typography-font-weight);--awb-caption-title-font-style:var(--h2_typography-font-style);--awb-caption-title-size:var(--h2_typography-font-size);--awb-caption-title-transform:var(--h2_typography-text-transform);--awb-caption-title-line-height:var(--h2_typography-line-height);--awb-caption-title-letter-spacing:var(--h2_typography-letter-spacing);\"><span class=\" fusion-imageframe imageframe-none imageframe-1 hover-type-none\"><img decoding=\"async\" width=\"800\" height=\"1086\" title=\"baukind-team-dziobek-bepler\" src=\"https:\/\/baukind.de\/wp-content\/uploads\/2023\/11\/baukind-team-dziobek-bepler.jpg\" alt class=\"img-responsive wp-image-17699\" srcset=\"https:\/\/baukind.de\/wp-content\/uploads\/2023\/11\/baukind-team-dziobek-bepler-200x272.jpg 200w, https:\/\/baukind.de\/wp-content\/uploads\/2023\/11\/baukind-team-dziobek-bepler-400x543.jpg 400w, https:\/\/baukind.de\/wp-content\/uploads\/2023\/11\/baukind-team-dziobek-bepler-600x815.jpg 600w, https:\/\/baukind.de\/wp-content\/uploads\/2023\/11\/baukind-team-dziobek-bepler.jpg 800w\" sizes=\"(max-width: 640px) 100vw, 600px\" \/><\/span><\/div><\/div><\/div><\/div><\/div><div class=\"fusion-fullwidth fullwidth-box fusion-builder-row-2 fusion-flex-container has-pattern-background has-mask-background nonhundred-percent-fullwidth non-hundred-percent-height-scrolling\" style=\"--awb-border-radius-top-left:0px;--awb-border-radius-top-right:0px;--awb-border-radius-bottom-right:0px;--awb-border-radius-bottom-left:0px;--awb-margin-top:0px;--awb-margin-bottom:5%;--awb-margin-top-medium:2%;--awb-margin-top-small:2%;--awb-flex-wrap:wrap;\" ><div class=\"fusion-builder-row fusion-row fusion-flex-align-items-flex-start fusion-flex-content-wrap\" style=\"max-width:1512px;margin-left: calc(-8% \/ 2 );margin-right: calc(-8% \/ 2 );\"><div class=\"fusion-layout-column fusion_builder_column fusion-builder-column-2 fusion_builder_column_1_2 1_2 fusion-flex-column\" style=\"--awb-bg-size:cover;--awb-width-large:50%;--awb-margin-top-large:0px;--awb-spacing-right-large:7.36%;--awb-margin-bottom-large:0px;--awb-spacing-left-large:7.36%;--awb-width-medium:50%;--awb-order-medium:0;--awb-spacing-right-medium:7.36%;--awb-spacing-left-medium:7.36%;--awb-width-small:100%;--awb-order-small:0;--awb-spacing-right-small:3.68%;--awb-spacing-left-small:3.68%;\" data-scroll-devices=\"small-visibility,medium-visibility,large-visibility\"><div class=\"fusion-column-wrapper fusion-column-has-shadow fusion-flex-justify-content-flex-start fusion-content-layout-column\"><div class=\"fusion-title title fusion-title-3 fusion-sep-none fusion-title-text fusion-title-size-three\" style=\"--awb-margin-top:10%;--awb-margin-bottom:5%;--awb-margin-top-small:5%;--awb-margin-right-small:0px;--awb-margin-bottom-small:10px;--awb-margin-left-small:0px;--awb-margin-top-medium:5%;\"><h3 class=\"fusion-title-heading title-heading-left fusion-responsive-typography-calculated\" style=\"margin:0;--fontSize:28;line-height:1.4;\">Meilensteine<\/h3><\/div><div class=\"fusion-builder-row fusion-builder-row-inner fusion-row fusion-flex-align-items-flex-start fusion-flex-content-wrap\" style=\"--awb-flex-grow:0;--awb-flex-grow-medium:0;--awb-flex-grow-small:0;--awb-flex-shrink:0;--awb-flex-shrink-medium:0;--awb-flex-shrink-small:0;width:108% !important;max-width:108% !important;margin-left: calc(-8% \/ 2 );margin-right: calc(-8% \/ 2 );\"><div class=\"fusion-layout-column fusion_builder_column_inner fusion-builder-nested-column-0 fusion_builder_column_inner_1_6 1_6 fusion-flex-column\" style=\"--awb-bg-size:cover;--awb-width-large:16.6666666667%;--awb-margin-top-large:0px;--awb-spacing-right-large:22.08%;--awb-margin-bottom-large:0px;--awb-spacing-left-large:22.08%;--awb-width-medium:16.6666666667%;--awb-order-medium:0;--awb-spacing-right-medium:22.08%;--awb-spacing-left-medium:22.08%;--awb-width-small:100%;--awb-order-small:0;--awb-spacing-right-small:3.68%;--awb-spacing-left-small:3.68%;\" data-scroll-devices=\"small-visibility,medium-visibility,large-visibility\"><div class=\"fusion-column-wrapper fusion-column-has-shadow fusion-flex-justify-content-flex-start fusion-content-layout-column\"><div class=\"fusion-text fusion-text-4\"><p>2026<\/p>\n<\/div><\/div><\/div><div class=\"fusion-layout-column fusion_builder_column_inner fusion-builder-nested-column-1 fusion_builder_column_inner_3_4 3_4 fusion-flex-column\" style=\"--awb-bg-size:cover;--awb-width-large:75%;--awb-margin-top-large:0px;--awb-spacing-right-large:4.90666666667%;--awb-margin-bottom-large:0px;--awb-spacing-left-large:4.90666666667%;--awb-width-medium:75%;--awb-order-medium:0;--awb-spacing-right-medium:4.90666666667%;--awb-spacing-left-medium:4.90666666667%;--awb-width-small:100%;--awb-order-small:0;--awb-spacing-right-small:3.68%;--awb-spacing-left-small:3.68%;\" data-scroll-devices=\"small-visibility,medium-visibility,large-visibility\"><div class=\"fusion-column-wrapper fusion-column-has-shadow fusion-flex-justify-content-flex-start fusion-content-layout-column\"><div class=\"fusion-text fusion-text-5\"><p>Lehrbeauftragte an der Berliner Hochschule f\u00fcr Technik (BHT) | Studiengang Planung nachhaltiger Geb\u00e4ude | SS26<\/p>\n<\/div><\/div><\/div><div class=\"fusion-layout-column fusion_builder_column_inner fusion-builder-nested-column-2 fusion_builder_column_inner_1_6 1_6 fusion-flex-column\" style=\"--awb-bg-size:cover;--awb-width-large:16.6666666667%;--awb-margin-top-large:0px;--awb-spacing-right-large:22.08%;--awb-margin-bottom-large:0px;--awb-spacing-left-large:22.08%;--awb-width-medium:16.6666666667%;--awb-order-medium:0;--awb-spacing-right-medium:22.08%;--awb-spacing-left-medium:22.08%;--awb-width-small:100%;--awb-order-small:0;--awb-spacing-right-small:3.68%;--awb-spacing-left-small:3.68%;\" data-scroll-devices=\"small-visibility,medium-visibility,large-visibility\"><div class=\"fusion-column-wrapper fusion-column-has-shadow fusion-flex-justify-content-flex-start fusion-content-layout-column\"><div class=\"fusion-text fusion-text-6\"><p>2025<\/p>\n<\/div><\/div><\/div><div class=\"fusion-layout-column fusion_builder_column_inner fusion-builder-nested-column-3 fusion_builder_column_inner_3_4 3_4 fusion-flex-column\" style=\"--awb-bg-size:cover;--awb-width-large:75%;--awb-margin-top-large:0px;--awb-spacing-right-large:4.90666666667%;--awb-margin-bottom-large:0px;--awb-spacing-left-large:4.90666666667%;--awb-width-medium:75%;--awb-order-medium:0;--awb-spacing-right-medium:4.90666666667%;--awb-spacing-left-medium:4.90666666667%;--awb-width-small:100%;--awb-order-small:0;--awb-spacing-right-small:3.68%;--awb-spacing-left-small:3.68%;\" data-scroll-devices=\"small-visibility,medium-visibility,large-visibility\"><div class=\"fusion-column-wrapper fusion-column-has-shadow fusion-flex-justify-content-flex-start fusion-content-layout-column\"><div class=\"fusion-text fusion-text-7\"><p>Zus\u00e4tzliche Eintragung als Innenarchitektin in der Architektenkammer Berlin<\/p>\n<\/div><\/div><\/div><div class=\"fusion-layout-column fusion_builder_column_inner fusion-builder-nested-column-4 fusion_builder_column_inner_1_6 1_6 fusion-flex-column\" style=\"--awb-bg-size:cover;--awb-width-large:16.6666666667%;--awb-margin-top-large:0px;--awb-spacing-right-large:22.08%;--awb-margin-bottom-large:0px;--awb-spacing-left-large:22.08%;--awb-width-medium:16.6666666667%;--awb-order-medium:0;--awb-spacing-right-medium:22.08%;--awb-spacing-left-medium:22.08%;--awb-width-small:100%;--awb-order-small:0;--awb-spacing-right-small:3.68%;--awb-spacing-left-small:3.68%;\" data-scroll-devices=\"small-visibility,medium-visibility,large-visibility\"><div class=\"fusion-column-wrapper fusion-column-has-shadow fusion-flex-justify-content-flex-start fusion-content-layout-column\"><div class=\"fusion-text fusion-text-8\"><p>2025<\/p>\n<\/div><\/div><\/div><div class=\"fusion-layout-column fusion_builder_column_inner fusion-builder-nested-column-5 fusion_builder_column_inner_3_4 3_4 fusion-flex-column\" style=\"--awb-bg-size:cover;--awb-width-large:75%;--awb-margin-top-large:0px;--awb-spacing-right-large:4.90666666667%;--awb-margin-bottom-large:0px;--awb-spacing-left-large:4.90666666667%;--awb-width-medium:75%;--awb-order-medium:0;--awb-spacing-right-medium:4.90666666667%;--awb-spacing-left-medium:4.90666666667%;--awb-width-small:100%;--awb-order-small:0;--awb-spacing-right-small:3.68%;--awb-spacing-left-small:3.68%;\" data-scroll-devices=\"small-visibility,medium-visibility,large-visibility\"><div class=\"fusion-column-wrapper fusion-column-has-shadow fusion-flex-justify-content-flex-start fusion-content-layout-column\"><div class=\"fusion-text fusion-text-9\"><p>Gastprofessur an der Kunsthochschule Burg Giebichenstein Halle im Studienfach Spiel- und Lerndesign<\/p>\n<\/div><\/div><\/div><div class=\"fusion-layout-column fusion_builder_column_inner fusion-builder-nested-column-6 fusion_builder_column_inner_1_6 1_6 fusion-flex-column\" style=\"--awb-bg-size:cover;--awb-width-large:16.6666666667%;--awb-margin-top-large:0px;--awb-spacing-right-large:22.08%;--awb-margin-bottom-large:0px;--awb-spacing-left-large:22.08%;--awb-width-medium:16.6666666667%;--awb-order-medium:0;--awb-spacing-right-medium:22.08%;--awb-spacing-left-medium:22.08%;--awb-width-small:100%;--awb-order-small:0;--awb-spacing-right-small:3.68%;--awb-spacing-left-small:3.68%;\" data-scroll-devices=\"small-visibility,medium-visibility,large-visibility\"><div class=\"fusion-column-wrapper fusion-column-has-shadow fusion-flex-justify-content-flex-start fusion-content-layout-column\"><div class=\"fusion-text fusion-text-10\"><p>2024<\/p>\n<\/div><\/div><\/div><div class=\"fusion-layout-column fusion_builder_column_inner fusion-builder-nested-column-7 fusion_builder_column_inner_3_4 3_4 fusion-flex-column\" style=\"--awb-bg-size:cover;--awb-width-large:75%;--awb-margin-top-large:0px;--awb-spacing-right-large:4.90666666667%;--awb-margin-bottom-large:0px;--awb-spacing-left-large:4.90666666667%;--awb-width-medium:75%;--awb-order-medium:0;--awb-spacing-right-medium:4.90666666667%;--awb-spacing-left-medium:4.90666666667%;--awb-width-small:100%;--awb-order-small:0;--awb-spacing-right-small:3.68%;--awb-spacing-left-small:3.68%;\" data-scroll-devices=\"small-visibility,medium-visibility,large-visibility\"><div class=\"fusion-column-wrapper fusion-column-has-shadow fusion-flex-justify-content-flex-start fusion-content-layout-column\"><div class=\"fusion-text fusion-text-11\"><p>Shortlistfinalist des HEINZE Awards 2024 mit dem Projekt Kita Haveluferquartier<\/p>\n<\/div><\/div><\/div><div class=\"fusion-layout-column fusion_builder_column_inner fusion-builder-nested-column-8 fusion_builder_column_inner_1_6 1_6 fusion-flex-column\" style=\"--awb-bg-size:cover;--awb-width-large:16.6666666667%;--awb-margin-top-large:0px;--awb-spacing-right-large:22.08%;--awb-margin-bottom-large:0px;--awb-spacing-left-large:22.08%;--awb-width-medium:16.6666666667%;--awb-order-medium:0;--awb-spacing-right-medium:22.08%;--awb-spacing-left-medium:22.08%;--awb-width-small:100%;--awb-order-small:0;--awb-spacing-right-small:3.68%;--awb-spacing-left-small:3.68%;\" data-scroll-devices=\"small-visibility,medium-visibility,large-visibility\"><div class=\"fusion-column-wrapper fusion-column-has-shadow fusion-flex-justify-content-flex-start fusion-content-layout-column\"><div class=\"fusion-text fusion-text-12\"><p>2023<\/p>\n<\/div><\/div><\/div><div class=\"fusion-layout-column fusion_builder_column_inner fusion-builder-nested-column-9 fusion_builder_column_inner_3_4 3_4 fusion-flex-column\" style=\"--awb-bg-size:cover;--awb-width-large:75%;--awb-margin-top-large:0px;--awb-spacing-right-large:4.90666666667%;--awb-margin-bottom-large:0px;--awb-spacing-left-large:4.90666666667%;--awb-width-medium:75%;--awb-order-medium:0;--awb-spacing-right-medium:4.90666666667%;--awb-spacing-left-medium:4.90666666667%;--awb-width-small:100%;--awb-order-small:0;--awb-spacing-right-small:3.68%;--awb-spacing-left-small:3.68%;\" data-scroll-devices=\"small-visibility,medium-visibility,large-visibility\"><div class=\"fusion-column-wrapper fusion-column-has-shadow fusion-flex-justify-content-flex-start fusion-content-layout-column\"><div class=\"fusion-text fusion-text-13\"><p>Ernennung zur Berliner Unternehmerin 2023 in der Kategorie \u201eKleine und mittelst\u00e4ndische Unternehmen\u201c, ausgelobt von der Senatsverwaltung f\u00fcr Wirtschaft, dotiert mit 10.000 Euro.<\/p>\n<\/div><\/div><\/div><div class=\"fusion-layout-column fusion_builder_column_inner fusion-builder-nested-column-10 fusion_builder_column_inner_1_6 1_6 fusion-flex-column\" style=\"--awb-bg-size:cover;--awb-width-large:16.6666666667%;--awb-margin-top-large:0px;--awb-spacing-right-large:22.08%;--awb-margin-bottom-large:0px;--awb-spacing-left-large:22.08%;--awb-width-medium:16.6666666667%;--awb-order-medium:0;--awb-spacing-right-medium:22.08%;--awb-spacing-left-medium:22.08%;--awb-width-small:100%;--awb-order-small:0;--awb-spacing-right-small:3.68%;--awb-spacing-left-small:3.68%;\" data-scroll-devices=\"small-visibility,medium-visibility,large-visibility\"><div class=\"fusion-column-wrapper fusion-column-has-shadow fusion-flex-justify-content-flex-start fusion-content-layout-column\"><div class=\"fusion-text fusion-text-14\"><p>2017<\/p>\n<\/div><\/div><\/div><div class=\"fusion-layout-column fusion_builder_column_inner fusion-builder-nested-column-11 fusion_builder_column_inner_3_4 3_4 fusion-flex-column\" style=\"--awb-bg-size:cover;--awb-width-large:75%;--awb-margin-top-large:0px;--awb-spacing-right-large:4.90666666667%;--awb-margin-bottom-large:0px;--awb-spacing-left-large:4.90666666667%;--awb-width-medium:75%;--awb-order-medium:0;--awb-spacing-right-medium:4.90666666667%;--awb-spacing-left-medium:4.90666666667%;--awb-width-small:100%;--awb-order-small:0;--awb-spacing-right-small:3.68%;--awb-spacing-left-small:3.68%;\" data-scroll-devices=\"small-visibility,medium-visibility,large-visibility\"><div class=\"fusion-column-wrapper fusion-column-has-shadow fusion-flex-justify-content-flex-start fusion-content-layout-column\"><div class=\"fusion-text fusion-text-15\"><p>1. Platz Wettbewerb Zalando Betriebskindergarten, Berlin Zalando Campus<\/p>\n<\/div><\/div><\/div><div class=\"fusion-layout-column fusion_builder_column_inner fusion-builder-nested-column-12 fusion_builder_column_inner_1_6 1_6 fusion-flex-column\" style=\"--awb-bg-size:cover;--awb-width-large:16.6666666667%;--awb-margin-top-large:0px;--awb-spacing-right-large:22.08%;--awb-margin-bottom-large:0px;--awb-spacing-left-large:22.08%;--awb-width-medium:16.6666666667%;--awb-order-medium:0;--awb-spacing-right-medium:22.08%;--awb-spacing-left-medium:22.08%;--awb-width-small:100%;--awb-order-small:0;--awb-spacing-right-small:3.68%;--awb-spacing-left-small:3.68%;\" data-scroll-devices=\"small-visibility,medium-visibility,large-visibility\"><div class=\"fusion-column-wrapper fusion-column-has-shadow fusion-flex-justify-content-flex-start fusion-content-layout-column\"><div class=\"fusion-text fusion-text-16\"><p>2013<\/p>\n<\/div><\/div><\/div><div class=\"fusion-layout-column fusion_builder_column_inner fusion-builder-nested-column-13 fusion_builder_column_inner_3_4 3_4 fusion-flex-column\" style=\"--awb-bg-size:cover;--awb-width-large:75%;--awb-margin-top-large:0px;--awb-spacing-right-large:4.90666666667%;--awb-margin-bottom-large:0px;--awb-spacing-left-large:4.90666666667%;--awb-width-medium:75%;--awb-order-medium:0;--awb-spacing-right-medium:4.90666666667%;--awb-spacing-left-medium:4.90666666667%;--awb-width-small:100%;--awb-order-small:0;--awb-spacing-right-small:3.68%;--awb-spacing-left-small:3.68%;\" data-scroll-devices=\"small-visibility,medium-visibility,large-visibility\"><div class=\"fusion-column-wrapper fusion-column-has-shadow fusion-flex-justify-content-flex-start fusion-content-layout-column\"><div class=\"fusion-text fusion-text-17\"><p>1. Platz Berliner Architekturpreis, Publikumspreis, Kita Loftschloss<\/p>\n<\/div><\/div><\/div><div class=\"fusion-layout-column fusion_builder_column_inner fusion-builder-nested-column-14 fusion_builder_column_inner_1_6 1_6 fusion-flex-column\" style=\"--awb-bg-size:cover;--awb-width-large:16.6666666667%;--awb-margin-top-large:0px;--awb-spacing-right-large:22.08%;--awb-margin-bottom-large:0px;--awb-spacing-left-large:22.08%;--awb-width-medium:16.6666666667%;--awb-order-medium:0;--awb-spacing-right-medium:22.08%;--awb-spacing-left-medium:22.08%;--awb-width-small:100%;--awb-order-small:0;--awb-spacing-right-small:3.68%;--awb-spacing-left-small:3.68%;\" data-scroll-devices=\"small-visibility,medium-visibility,large-visibility\"><div class=\"fusion-column-wrapper fusion-column-has-shadow fusion-flex-justify-content-flex-start fusion-content-layout-column\"><div class=\"fusion-text fusion-text-18\"><p>2012<\/p>\n<\/div><\/div><\/div><div class=\"fusion-layout-column fusion_builder_column_inner fusion-builder-nested-column-15 fusion_builder_column_inner_3_4 3_4 fusion-flex-column\" style=\"--awb-bg-size:cover;--awb-width-large:75%;--awb-margin-top-large:0px;--awb-spacing-right-large:4.90666666667%;--awb-margin-bottom-large:0px;--awb-spacing-left-large:4.90666666667%;--awb-width-medium:75%;--awb-order-medium:0;--awb-spacing-right-medium:4.90666666667%;--awb-spacing-left-medium:4.90666666667%;--awb-width-small:100%;--awb-order-small:0;--awb-spacing-right-small:3.68%;--awb-spacing-left-small:3.68%;\" data-scroll-devices=\"small-visibility,medium-visibility,large-visibility\"><div class=\"fusion-column-wrapper fusion-column-has-shadow fusion-flex-justify-content-flex-start fusion-content-layout-column\"><div class=\"fusion-text fusion-text-19\"><p>1. Platz Businessplanwettbewerb Berlin-Brandenburg, dotiert mit 10.000 Euro<\/p>\n<\/div><\/div><\/div><div class=\"fusion-layout-column fusion_builder_column_inner fusion-builder-nested-column-16 fusion_builder_column_inner_1_6 1_6 fusion-flex-column\" style=\"--awb-bg-size:cover;--awb-width-large:16.6666666667%;--awb-margin-top-large:0px;--awb-spacing-right-large:22.08%;--awb-margin-bottom-large:0px;--awb-spacing-left-large:22.08%;--awb-width-medium:16.6666666667%;--awb-order-medium:0;--awb-spacing-right-medium:22.08%;--awb-spacing-left-medium:22.08%;--awb-width-small:100%;--awb-order-small:0;--awb-spacing-right-small:3.68%;--awb-spacing-left-small:3.68%;\" data-scroll-devices=\"small-visibility,medium-visibility,large-visibility\"><div class=\"fusion-column-wrapper fusion-column-has-shadow fusion-flex-justify-content-flex-start fusion-content-layout-column\"><div class=\"fusion-text fusion-text-20\"><p>2011<\/p>\n<\/div><\/div><\/div><div class=\"fusion-layout-column fusion_builder_column_inner fusion-builder-nested-column-17 fusion_builder_column_inner_3_4 3_4 fusion-flex-column\" style=\"--awb-bg-size:cover;--awb-width-large:75%;--awb-margin-top-large:0px;--awb-spacing-right-large:4.90666666667%;--awb-margin-bottom-large:0px;--awb-spacing-left-large:4.90666666667%;--awb-width-medium:75%;--awb-order-medium:0;--awb-spacing-right-medium:4.90666666667%;--awb-spacing-left-medium:4.90666666667%;--awb-width-small:100%;--awb-order-small:0;--awb-spacing-right-small:3.68%;--awb-spacing-left-small:3.68%;\" data-scroll-devices=\"small-visibility,medium-visibility,large-visibility\"><div class=\"fusion-column-wrapper fusion-column-has-shadow fusion-flex-justify-content-flex-start fusion-content-layout-column\"><div class=\"fusion-text fusion-text-21\"><p>1. Platz Wettbewerb Kultur- und Kreativpiloten der Bundesregierung<\/p>\n<\/div><\/div><\/div><div class=\"fusion-layout-column fusion_builder_column_inner fusion-builder-nested-column-18 fusion_builder_column_inner_1_6 1_6 fusion-flex-column\" style=\"--awb-bg-size:cover;--awb-width-large:16.6666666667%;--awb-margin-top-large:0px;--awb-spacing-right-large:22.08%;--awb-margin-bottom-large:0px;--awb-spacing-left-large:22.08%;--awb-width-medium:16.6666666667%;--awb-order-medium:0;--awb-spacing-right-medium:22.08%;--awb-spacing-left-medium:22.08%;--awb-width-small:100%;--awb-order-small:0;--awb-spacing-right-small:3.68%;--awb-spacing-left-small:3.68%;\" data-scroll-devices=\"small-visibility,medium-visibility,large-visibility\"><div class=\"fusion-column-wrapper fusion-column-has-shadow fusion-flex-justify-content-flex-start fusion-content-layout-column\"><div class=\"fusion-text fusion-text-22\"><p>Seit 2011<\/p>\n<\/div><\/div><\/div><div class=\"fusion-layout-column fusion_builder_column_inner fusion-builder-nested-column-19 fusion_builder_column_inner_3_4 3_4 fusion-flex-column\" style=\"--awb-bg-size:cover;--awb-width-large:75%;--awb-margin-top-large:0px;--awb-spacing-right-large:4.90666666667%;--awb-margin-bottom-large:0px;--awb-spacing-left-large:4.90666666667%;--awb-width-medium:75%;--awb-order-medium:0;--awb-spacing-right-medium:4.90666666667%;--awb-spacing-left-medium:4.90666666667%;--awb-width-small:100%;--awb-order-small:0;--awb-spacing-right-small:3.68%;--awb-spacing-left-small:3.68%;\" data-scroll-devices=\"small-visibility,medium-visibility,large-visibility\"><div class=\"fusion-column-wrapper fusion-column-has-shadow fusion-flex-justify-content-flex-start fusion-content-layout-column\"><div class=\"fusion-text fusion-text-23\"><p>Gr\u00fcndung und Gesch\u00e4ftsf\u00fchrung der baukind GmbH<\/p>\n<\/div><\/div><\/div><\/div><\/div><\/div><div class=\"fusion-layout-column fusion_builder_column fusion-builder-column-3 fusion_builder_column_1_2 1_2 fusion-flex-column\" style=\"--awb-padding-right-small:0px;--awb-padding-left-small:0px;--awb-bg-size:cover;--awb-width-large:50%;--awb-margin-top-large:5%;--awb-spacing-right-large:7.36%;--awb-margin-bottom-large:0px;--awb-spacing-left-large:7.36%;--awb-width-medium:50%;--awb-order-medium:0;--awb-spacing-right-medium:7.36%;--awb-spacing-left-medium:7.36%;--awb-width-small:100%;--awb-order-small:0;--awb-spacing-right-small:3.68%;--awb-spacing-left-small:3.68%;\" data-scroll-devices=\"small-visibility,medium-visibility,large-visibility\"><div class=\"fusion-column-wrapper fusion-column-has-shadow fusion-flex-justify-content-flex-start fusion-content-layout-column\"><div class=\"fusion-title title fusion-title-4 fusion-sep-none fusion-title-text fusion-title-size-three\" style=\"--awb-margin-top:15%;--awb-margin-bottom:5%;--awb-margin-top-small:10px;--awb-margin-right-small:0px;--awb-margin-bottom-small:10px;--awb-margin-left-small:0px;\"><h3 class=\"fusion-title-heading title-heading-left fusion-responsive-typography-calculated\" style=\"margin:0;--fontSize:28;line-height:1.4;\">Mitgliedschaften<\/h3><\/div><div class=\"fusion-text fusion-text-24\"><p>Mitglied Schule im Aufbruch e.V.- Netzwerk das die Zukunft des Bildungssystems mitgestaltet und den Wandel im deutschen Schulsystem voranbringt<\/p>\n<p>Mitglied Bundesstiftung Baukultur<\/p>\n<p>Mitglied von N-ails, Netzwerk f\u00fcr Architektinnen, Innenarchitektinnen, Ingenieurinnen, Landschaftsarchitektinnen und Stadtplanerinnen in Berlin<\/p>\n<p>Langj\u00e4hriges Jurymitglied Wettbewerb Kultur- und Kreativpiloten<\/p>\n<p>Ehemaliges Beiratsmitglied des Kompetenzzentrums Kultur- und Kreativwirtschaft des Bundes der Initiative Kultur- und Kreativwirtschaft der Bundesregierung<\/p>\n<\/div><\/div><\/div><\/div><\/div><div class=\"fusion-fullwidth fullwidth-box fusion-builder-row-3 fusion-flex-container has-pattern-background has-mask-background nonhundred-percent-fullwidth non-hundred-percent-height-scrolling\" style=\"--awb-border-radius-top-left:0px;--awb-border-radius-top-right:0px;--awb-border-radius-bottom-right:0px;--awb-border-radius-bottom-left:0px;--awb-margin-top:8%;--awb-margin-top-medium:2%;--awb-margin-top-small:2%;--awb-flex-wrap:wrap;\" ><div class=\"fusion-builder-row fusion-row fusion-flex-align-items-flex-start fusion-flex-content-wrap\" style=\"max-width:1512px;margin-left: calc(-8% \/ 2 );margin-right: calc(-8% \/ 2 );\"><div class=\"fusion-layout-column fusion_builder_column fusion-builder-column-4 fusion_builder_column_1_1 1_1 fusion-flex-column\" style=\"--awb-bg-size:cover;--awb-width-large:100%;--awb-margin-top-large:0px;--awb-spacing-right-large:3.68%;--awb-margin-bottom-large:0px;--awb-spacing-left-large:3.68%;--awb-width-medium:100%;--awb-order-medium:0;--awb-spacing-right-medium:3.68%;--awb-spacing-left-medium:3.68%;--awb-width-small:100%;--awb-order-small:0;--awb-spacing-right-small:3.68%;--awb-spacing-left-small:3.68%;\" data-scroll-devices=\"small-visibility,medium-visibility,large-visibility\"><div class=\"fusion-column-wrapper fusion-column-has-shadow fusion-flex-justify-content-flex-start fusion-content-layout-column\"><div style=\"text-align:center;\"><a class=\"fusion-button button-flat fusion-button-default-size button-custom fusion-button-default button-1 fusion-button-default-span \" style=\"--button_accent_color:#303030;--button_accent_hover_color:#b7b7b7;--button_border_hover_color:#008279;--button_border_width-top:2px;--button_border_width-right:2px;--button_border_width-bottom:2px;--button_border_width-left:2px;--button-border-radius-top-left:40px;--button-border-radius-top-right:40px;--button-border-radius-bottom-right:40px;--button-border-radius-bottom-left:40px;--button_gradient_top_color:#ffffff;--button_gradient_bottom_color:#ffffff;--button_gradient_top_color_hover:#ffffff;--button_gradient_bottom_color_hover:#ffffff;\" target=\"_self\" href=\"https:\/\/baukind.de\/team-baukind\/\"><span class=\"fusion-button-text awb-button__text awb-button__text--default\">ZUR\u00dcCK ZUM TEAM<\/span><\/a><\/div><\/div><\/div><\/div><\/div><\/p>\n","protected":false},"excerpt":{"rendered":"","protected":false},"author":1,"featured_media":0,"parent":16788,"menu_order":4,"comment_status":"closed","ping_status":"closed","template":"","meta":{"_exactmetrics_skip_tracking":false,"_exactmetrics_sitenote_active":false,"_exactmetrics_sitenote_note":"","_exactmetrics_sitenote_category":0,"footnotes":""},"class_list":["post-21326","page","type-page","status-publish","hentry"],"yoast_head":"<!-- This site is optimized with the Yoast SEO plugin v27.4 - https:\/\/yoast.com\/product\/yoast-seo-wordpress\/ -->\n<title>Nathalie Dziobek-Bepler &#8212; baukind Architekten<\/title>\n<meta name=\"description\" content=\"Wir sind baukind. Ein Team aus Architekten, Landschaftsarchitekten und Produktdesignern. Wir begeistern uns f\u00fcr die Gestaltung f\u00fcr Kinder.\" \/>\n<meta name=\"robots\" content=\"index, follow, max-snippet:-1, max-image-preview:large, max-video-preview:-1\" \/>\n<link rel=\"canonical\" href=\"https:\/\/baukind.de\/en\/team-baukind\/nathalie-dziobek-bepler\/\" \/>\n<meta property=\"og:locale\" content=\"en_US\" \/>\n<meta property=\"og:type\" content=\"article\" \/>\n<meta property=\"og:title\" content=\"Nathalie Dziobek-Bepler &#8212; baukind Architekten\" \/>\n<meta property=\"og:description\" content=\"Wir sind baukind. Ein Team aus Architekten, Landschaftsarchitekten und Produktdesignern. Wir begeistern uns f\u00fcr die Gestaltung f\u00fcr Kinder.\" \/>\n<meta property=\"og:url\" content=\"https:\/\/baukind.de\/en\/team-baukind\/nathalie-dziobek-bepler\/\" \/>\n<meta property=\"og:site_name\" content=\"baukind Architekten\" \/>\n<meta property=\"article:publisher\" content=\"https:\/\/www.facebook.com\/baukindarchitekten\/\" \/>\n<meta property=\"article:modified_time\" content=\"2026-03-11T13:30:49+00:00\" \/>\n<meta name=\"twitter:card\" content=\"summary_large_image\" \/>\n<meta name=\"twitter:label1\" content=\"Est. reading time\" \/>\n\t<meta name=\"twitter:data1\" content=\"2 minutes\" \/>\n<script type=\"application\/ld+json\" class=\"yoast-schema-graph\">{\"@context\":\"https:\\\/\\\/schema.org\",\"@graph\":[{\"@type\":\"WebPage\",\"@id\":\"https:\\\/\\\/baukind.de\\\/en\\\/team-baukind\\\/nathalie-dziobek-bepler\\\/\",\"url\":\"https:\\\/\\\/baukind.de\\\/en\\\/team-baukind\\\/nathalie-dziobek-bepler\\\/\",\"name\":\"Nathalie Dziobek-Bepler &#8212; baukind Architekten\",\"isPartOf\":{\"@id\":\"https:\\\/\\\/baukind.de\\\/en\\\/#website\"},\"datePublished\":\"2025-09-30T13:23:46+00:00\",\"dateModified\":\"2026-03-11T13:30:49+00:00\",\"description\":\"Wir sind baukind. Ein Team aus Architekten, Landschaftsarchitekten und Produktdesignern. Wir begeistern uns f\u00fcr die Gestaltung f\u00fcr Kinder.\",\"breadcrumb\":{\"@id\":\"https:\\\/\\\/baukind.de\\\/en\\\/team-baukind\\\/nathalie-dziobek-bepler\\\/#breadcrumb\"},\"inLanguage\":\"en-US\",\"potentialAction\":[{\"@type\":\"ReadAction\",\"target\":[\"https:\\\/\\\/baukind.de\\\/en\\\/team-baukind\\\/nathalie-dziobek-bepler\\\/\"]}]},{\"@type\":\"BreadcrumbList\",\"@id\":\"https:\\\/\\\/baukind.de\\\/en\\\/team-baukind\\\/nathalie-dziobek-bepler\\\/#breadcrumb\",\"itemListElement\":[{\"@type\":\"ListItem\",\"position\":1,\"name\":\"home\",\"item\":\"https:\\\/\\\/baukind.de\\\/en\\\/\"},{\"@type\":\"ListItem\",\"position\":2,\"name\":\"team\",\"item\":\"https:\\\/\\\/baukind.de\\\/en\\\/team-baukind\\\/\"},{\"@type\":\"ListItem\",\"position\":3,\"name\":\"team\"}]},{\"@type\":\"WebSite\",\"@id\":\"https:\\\/\\\/baukind.de\\\/en\\\/#website\",\"url\":\"https:\\\/\\\/baukind.de\\\/en\\\/\",\"name\":\"baukind Architekten\",\"description\":\"Architektur f\u00fcr Kinder\",\"publisher\":{\"@id\":\"https:\\\/\\\/baukind.de\\\/en\\\/#organization\"},\"potentialAction\":[{\"@type\":\"SearchAction\",\"target\":{\"@type\":\"EntryPoint\",\"urlTemplate\":\"https:\\\/\\\/baukind.de\\\/en\\\/?s={search_term_string}\"},\"query-input\":{\"@type\":\"PropertyValueSpecification\",\"valueRequired\":true,\"valueName\":\"search_term_string\"}}],\"inLanguage\":\"en-US\"},{\"@type\":\"Organization\",\"@id\":\"https:\\\/\\\/baukind.de\\\/en\\\/#organization\",\"name\":\"baukind UG\",\"url\":\"https:\\\/\\\/baukind.de\\\/en\\\/\",\"logo\":{\"@type\":\"ImageObject\",\"inLanguage\":\"en-US\",\"@id\":\"https:\\\/\\\/baukind.de\\\/en\\\/#\\\/schema\\\/logo\\\/image\\\/\",\"url\":\"https:\\\/\\\/baukind.de\\\/wp-content\\\/uploads\\\/2016\\\/11\\\/LOGO_baukind_breite211px.png\",\"contentUrl\":\"https:\\\/\\\/baukind.de\\\/wp-content\\\/uploads\\\/2016\\\/11\\\/LOGO_baukind_breite211px.png\",\"width\":211,\"height\":57,\"caption\":\"baukind UG\"},\"image\":{\"@id\":\"https:\\\/\\\/baukind.de\\\/en\\\/#\\\/schema\\\/logo\\\/image\\\/\"},\"sameAs\":[\"https:\\\/\\\/www.facebook.com\\\/baukindarchitekten\\\/\",\"https:\\\/\\\/www.instagram.com\\\/baukind_architekten\\\/\"]}]}<\/script>\n<!-- \/ Yoast SEO plugin. -->","yoast_head_json":{"title":"Nathalie Dziobek-Bepler &#8212; baukind Architekten","description":"Wir sind baukind. Ein Team aus Architekten, Landschaftsarchitekten und Produktdesignern. Wir begeistern uns f\u00fcr die Gestaltung f\u00fcr Kinder.","robots":{"index":"index","follow":"follow","max-snippet":"max-snippet:-1","max-image-preview":"max-image-preview:large","max-video-preview":"max-video-preview:-1"},"canonical":"https:\/\/baukind.de\/en\/team-baukind\/nathalie-dziobek-bepler\/","og_locale":"en_US","og_type":"article","og_title":"Nathalie Dziobek-Bepler &#8212; baukind Architekten","og_description":"Wir sind baukind. Ein Team aus Architekten, Landschaftsarchitekten und Produktdesignern. Wir begeistern uns f\u00fcr die Gestaltung f\u00fcr Kinder.","og_url":"https:\/\/baukind.de\/en\/team-baukind\/nathalie-dziobek-bepler\/","og_site_name":"baukind Architekten","article_publisher":"https:\/\/www.facebook.com\/baukindarchitekten\/","article_modified_time":"2026-03-11T13:30:49+00:00","twitter_card":"summary_large_image","twitter_misc":{"Est. reading time":"2 minutes"},"schema":{"@context":"https:\/\/schema.org","@graph":[{"@type":"WebPage","@id":"https:\/\/baukind.de\/en\/team-baukind\/nathalie-dziobek-bepler\/","url":"https:\/\/baukind.de\/en\/team-baukind\/nathalie-dziobek-bepler\/","name":"Nathalie Dziobek-Bepler &#8212; baukind Architekten","isPartOf":{"@id":"https:\/\/baukind.de\/en\/#website"},"datePublished":"2025-09-30T13:23:46+00:00","dateModified":"2026-03-11T13:30:49+00:00","description":"Wir sind baukind. Ein Team aus Architekten, Landschaftsarchitekten und Produktdesignern. Wir begeistern uns f\u00fcr die Gestaltung f\u00fcr Kinder.","breadcrumb":{"@id":"https:\/\/baukind.de\/en\/team-baukind\/nathalie-dziobek-bepler\/#breadcrumb"},"inLanguage":"en-US","potentialAction":[{"@type":"ReadAction","target":["https:\/\/baukind.de\/en\/team-baukind\/nathalie-dziobek-bepler\/"]}]},{"@type":"BreadcrumbList","@id":"https:\/\/baukind.de\/en\/team-baukind\/nathalie-dziobek-bepler\/#breadcrumb","itemListElement":[{"@type":"ListItem","position":1,"name":"home","item":"https:\/\/baukind.de\/en\/"},{"@type":"ListItem","position":2,"name":"team","item":"https:\/\/baukind.de\/en\/team-baukind\/"},{"@type":"ListItem","position":3,"name":"team"}]},{"@type":"WebSite","@id":"https:\/\/baukind.de\/en\/#website","url":"https:\/\/baukind.de\/en\/","name":"baukind Architekten","description":"Architektur f\u00fcr Kinder","publisher":{"@id":"https:\/\/baukind.de\/en\/#organization"},"potentialAction":[{"@type":"SearchAction","target":{"@type":"EntryPoint","urlTemplate":"https:\/\/baukind.de\/en\/?s={search_term_string}"},"query-input":{"@type":"PropertyValueSpecification","valueRequired":true,"valueName":"search_term_string"}}],"inLanguage":"en-US"},{"@type":"Organization","@id":"https:\/\/baukind.de\/en\/#organization","name":"baukind UG","url":"https:\/\/baukind.de\/en\/","logo":{"@type":"ImageObject","inLanguage":"en-US","@id":"https:\/\/baukind.de\/en\/#\/schema\/logo\/image\/","url":"https:\/\/baukind.de\/wp-content\/uploads\/2016\/11\/LOGO_baukind_breite211px.png","contentUrl":"https:\/\/baukind.de\/wp-content\/uploads\/2016\/11\/LOGO_baukind_breite211px.png","width":211,"height":57,"caption":"baukind UG"},"image":{"@id":"https:\/\/baukind.de\/en\/#\/schema\/logo\/image\/"},"sameAs":["https:\/\/www.facebook.com\/baukindarchitekten\/","https:\/\/www.instagram.com\/baukind_architekten\/"]}]}},"_links":{"self":[{"href":"https:\/\/baukind.de\/en\/wp-json\/wp\/v2\/pages\/21326","targetHints":{"allow":["GET"]}}],"collection":[{"href":"https:\/\/baukind.de\/en\/wp-json\/wp\/v2\/pages"}],"about":[{"href":"https:\/\/baukind.de\/en\/wp-json\/wp\/v2\/types\/page"}],"author":[{"embeddable":true,"href":"https:\/\/baukind.de\/en\/wp-json\/wp\/v2\/users\/1"}],"replies":[{"embeddable":true,"href":"https:\/\/baukind.de\/en\/wp-json\/wp\/v2\/comments?post=21326"}],"version-history":[{"count":11,"href":"https:\/\/baukind.de\/en\/wp-json\/wp\/v2\/pages\/21326\/revisions"}],"predecessor-version":[{"id":21763,"href":"https:\/\/baukind.de\/en\/wp-json\/wp\/v2\/pages\/21326\/revisions\/21763"}],"up":[{"embeddable":true,"href":"https:\/\/baukind.de\/en\/wp-json\/wp\/v2\/pages\/16788"}],"wp:attachment":[{"href":"https:\/\/baukind.de\/en\/wp-json\/wp\/v2\/media?parent=21326"}],"curies":[{"name":"wp","href":"https:\/\/api.w.org\/{rel}","templated":true}]}}